{"id":156,"date":"2021-07-08T09:48:06","date_gmt":"2021-07-08T09:48:06","guid":{"rendered":"https:\/\/roxaecourbanmobility.com\/?page_id=156"},"modified":"2023-02-02T17:00:26","modified_gmt":"2023-02-02T16:00:26","slug":"oficinas","status":"publish","type":"page","link":"https:\/\/balearrentacar.com\/index.php\/oficinas\/","title":{"rendered":"Oficinas"},"content":{"rendered":"\t\t<div data-elementor-type=\"wp-page\" data-elementor-id=\"156\" class=\"elementor elementor-156\">\n\t\t\t\t\t\t<section class=\"elementor-section elementor-top-section elementor-element elementor-element-685abb5 elementor-section-boxed elementor-section-height-default elementor-section-height-default\" data-id=\"685abb5\" data-element_type=\"section\">\n\t\t\t\t\t\t<div class=\"elementor-container elementor-column-gap-default\">\n\t\t\t\t\t<div class=\"elementor-column elementor-col-100 elementor-top-column elementor-element elementor-element-95a5401\" data-id=\"95a5401\" data-element_type=\"column\">\n\t\t\t<div class=\"elementor-widget-wrap elementor-element-populated\">\n\t\t\t\t\t\t<div class=\"elementor-element elementor-element-bda9388 elementor-widget elementor-widget-heading\" data-id=\"bda9388\" data-element_type=\"widget\" data-widget_type=\"heading.default\">\n\t\t\t\t<div class=\"elementor-widget-container\">\n\t\t\t<style>\/*! elementor - v3.23.0 - 25-07-2024 *\/\n.elementor-heading-title{padding:0;margin:0;line-height:1}.elementor-widget-heading .elementor-heading-title[class*=elementor-size-]>a{color:inherit;font-size:inherit;line-height:inherit}.elementor-widget-heading .elementor-heading-title.elementor-size-small{font-size:15px}.elementor-widget-heading .elementor-heading-title.elementor-size-medium{font-size:19px}.elementor-widget-heading .elementor-heading-title.elementor-size-large{font-size:29px}.elementor-widget-heading .elementor-heading-title.elementor-size-xl{font-size:39px}.elementor-widget-heading .elementor-heading-title.elementor-size-xxl{font-size:59px}<\/style><h1 class=\"elementor-heading-title elementor-size-large\">Nuestras Oficinas<\/h1>\t\t<\/div>\n\t\t\t\t<\/div>\n\t\t\t\t\t<\/div>\n\t\t<\/div>\n\t\t\t\t\t<\/div>\n\t\t<\/section>\n\t\t\t\t<section class=\"elementor-section elementor-top-section elementor-element elementor-element-fa8d09a elementor-section-boxed elementor-section-height-default elementor-section-height-default\" data-id=\"fa8d09a\" data-element_type=\"section\" data-settings=\"{&quot;shape_divider_bottom&quot;:&quot;tilt&quot;}\">\n\t\t\t\t\t<div class=\"elementor-shape elementor-shape-bottom\" data-negative=\"false\">\n\t\t\t<svg xmlns=\"http:\/\/www.w3.org\/2000\/svg\" viewBox=\"0 0 1000 100\" preserveAspectRatio=\"none\">\n\t<path class=\"elementor-shape-fill\" d=\"M0,6V0h1000v100L0,6z\"\/>\n<\/svg>\t\t<\/div>\n\t\t\t\t\t<div class=\"elementor-container elementor-column-gap-default\">\n\t\t\t\t\t<div class=\"elementor-column elementor-col-50 elementor-top-column elementor-element elementor-element-be2a49f\" data-id=\"be2a49f\" data-element_type=\"column\">\n\t\t\t<div class=\"elementor-widget-wrap elementor-element-populated\">\n\t\t\t\t\t\t<div class=\"elementor-element elementor-element-657d338 elementor-invisible elementor-widget elementor-widget-text-editor\" data-id=\"657d338\" data-element_type=\"widget\" data-settings=\"{&quot;_animation&quot;:&quot;bounceIn&quot;}\" data-widget_type=\"text-editor.default\">\n\t\t\t\t<div class=\"elementor-widget-container\">\n\t\t\t<style>\/*! elementor - v3.23.0 - 25-07-2024 *\/\n.elementor-widget-text-editor.elementor-drop-cap-view-stacked .elementor-drop-cap{background-color:#69727d;color:#fff}.elementor-widget-text-editor.elementor-drop-cap-view-framed .elementor-drop-cap{color:#69727d;border:3px solid;background-color:transparent}.elementor-widget-text-editor:not(.elementor-drop-cap-view-default) .elementor-drop-cap{margin-top:8px}.elementor-widget-text-editor:not(.elementor-drop-cap-view-default) .elementor-drop-cap-letter{width:1em;height:1em}.elementor-widget-text-editor .elementor-drop-cap{float:left;text-align:center;line-height:1;font-size:50px}.elementor-widget-text-editor .elementor-drop-cap-letter{display:inline-block}<\/style>\t\t\t\t<h2><strong>Oficina de Palma<\/strong><\/h2><p>C\/ Manuel Aza\u00f1a, 40<\/p><p>Palma, 07006<\/p><p>Horario:<\/p><p>Lunes a Viernes: 08:00 a 20:00<\/p><p>S\u00e1bado: 10:00 a 13:00<\/p>\t\t\t\t\t\t<\/div>\n\t\t\t\t<\/div>\n\t\t\t\t\t<\/div>\n\t\t<\/div>\n\t\t\t\t<div class=\"elementor-column elementor-col-50 elementor-top-column elementor-element elementor-element-9b48dfb\" data-id=\"9b48dfb\" data-element_type=\"column\">\n\t\t\t<div class=\"elementor-widget-wrap elementor-element-populated\">\n\t\t\t\t\t\t<div class=\"elementor-element elementor-element-8e358f5 elementor-invisible elementor-widget elementor-widget-google_maps\" data-id=\"8e358f5\" data-element_type=\"widget\" data-settings=\"{&quot;_animation&quot;:&quot;slideInUp&quot;}\" data-widget_type=\"google_maps.default\">\n\t\t\t\t<div class=\"elementor-widget-container\">\n\t\t\t<style>\/*! elementor - v3.23.0 - 25-07-2024 *\/\n.elementor-widget-google_maps .elementor-widget-container{overflow:hidden}.elementor-widget-google_maps .elementor-custom-embed{line-height:0}.elementor-widget-google_maps iframe{height:300px}<\/style>\t\t<div class=\"elementor-custom-embed\">\n\t\t\t<iframe loading=\"lazy\"\n\t\t\t\t\tsrc=\"https:\/\/maps.google.com\/maps?q=Manuel%20Aza%C3%B1a%2C%2040&#038;t=m&#038;z=16&#038;output=embed&#038;iwloc=near\"\n\t\t\t\t\ttitle=\"Manuel Aza\u00f1a, 40\"\n\t\t\t\t\taria-label=\"Manuel Aza\u00f1a, 40\"\n\t\t\t><\/iframe>\n\t\t<\/div>\n\t\t\t\t<\/div>\n\t\t\t\t<\/div>\n\t\t\t\t\t<\/div>\n\t\t<\/div>\n\t\t\t\t\t<\/div>\n\t\t<\/section>\n\t\t\t\t<section class=\"elementor-section elementor-top-section elementor-element elementor-element-37b6561 elementor-section-boxed elementor-section-height-default elementor-section-height-default\" data-id=\"37b6561\" data-element_type=\"section\" data-settings=\"{&quot;shape_divider_top&quot;:&quot;tilt&quot;,&quot;shape_divider_bottom&quot;:&quot;tilt&quot;}\">\n\t\t\t\t\t<div class=\"elementor-shape elementor-shape-top\" data-negative=\"false\">\n\t\t\t<svg xmlns=\"http:\/\/www.w3.org\/2000\/svg\" viewBox=\"0 0 1000 100\" preserveAspectRatio=\"none\">\n\t<path class=\"elementor-shape-fill\" d=\"M0,6V0h1000v100L0,6z\"\/>\n<\/svg>\t\t<\/div>\n\t\t\t\t<div class=\"elementor-shape elementor-shape-bottom\" data-negative=\"false\">\n\t\t\t<svg xmlns=\"http:\/\/www.w3.org\/2000\/svg\" viewBox=\"0 0 1000 100\" preserveAspectRatio=\"none\">\n\t<path class=\"elementor-shape-fill\" d=\"M0,6V0h1000v100L0,6z\"\/>\n<\/svg>\t\t<\/div>\n\t\t\t\t\t<div class=\"elementor-container elementor-column-gap-default\">\n\t\t\t\t\t<div class=\"elementor-column elementor-col-50 elementor-top-column elementor-element elementor-element-acde2a5\" data-id=\"acde2a5\" data-element_type=\"column\">\n\t\t\t<div class=\"elementor-widget-wrap elementor-element-populated\">\n\t\t\t\t\t\t<div class=\"elementor-element elementor-element-a45142c elementor-invisible elementor-widget elementor-widget-text-editor\" data-id=\"a45142c\" data-element_type=\"widget\" data-settings=\"{&quot;_animation&quot;:&quot;bounceIn&quot;}\" data-widget_type=\"text-editor.default\">\n\t\t\t\t<div class=\"elementor-widget-container\">\n\t\t\t\t\t\t\t<h2><strong>Oficina de Manacor<\/strong><\/h2><p>Via Palma, 21<\/p><p>Manacor, 07500<\/p><p>Horario:<\/p><p>Lunes a Viernes: 08:00 a 20:00<\/p><p>S\u00e1bado: 10:00 a 13:00<\/p>\t\t\t\t\t\t<\/div>\n\t\t\t\t<\/div>\n\t\t\t\t\t<\/div>\n\t\t<\/div>\n\t\t\t\t<div class=\"elementor-column elementor-col-50 elementor-top-column elementor-element elementor-element-571f4f9\" data-id=\"571f4f9\" data-element_type=\"column\">\n\t\t\t<div class=\"elementor-widget-wrap elementor-element-populated\">\n\t\t\t\t\t\t<div class=\"elementor-element elementor-element-2e77312 elementor-invisible elementor-widget elementor-widget-google_maps\" data-id=\"2e77312\" data-element_type=\"widget\" data-settings=\"{&quot;_animation&quot;:&quot;slideInUp&quot;}\" data-widget_type=\"google_maps.default\">\n\t\t\t\t<div class=\"elementor-widget-container\">\n\t\t\t\t\t<div class=\"elementor-custom-embed\">\n\t\t\t<iframe loading=\"lazy\"\n\t\t\t\t\tsrc=\"https:\/\/maps.google.com\/maps?q=cormotor%20sl&#038;t=m&#038;z=16&#038;output=embed&#038;iwloc=near\"\n\t\t\t\t\ttitle=\"cormotor sl\"\n\t\t\t\t\taria-label=\"cormotor sl\"\n\t\t\t><\/iframe>\n\t\t<\/div>\n\t\t\t\t<\/div>\n\t\t\t\t<\/div>\n\t\t\t\t\t<\/div>\n\t\t<\/div>\n\t\t\t\t\t<\/div>\n\t\t<\/section>\n\t\t\t\t<section class=\"elementor-section elementor-top-section elementor-element elementor-element-d078b25 elementor-section-boxed elementor-section-height-default elementor-section-height-default\" data-id=\"d078b25\" data-element_type=\"section\" data-settings=\"{&quot;shape_divider_top&quot;:&quot;tilt&quot;}\">\n\t\t\t\t\t<div class=\"elementor-shape elementor-shape-top\" data-negative=\"false\">\n\t\t\t<svg xmlns=\"http:\/\/www.w3.org\/2000\/svg\" viewBox=\"0 0 1000 100\" preserveAspectRatio=\"none\">\n\t<path class=\"elementor-shape-fill\" d=\"M0,6V0h1000v100L0,6z\"\/>\n<\/svg>\t\t<\/div>\n\t\t\t\t\t<div class=\"elementor-container elementor-column-gap-default\">\n\t\t\t\t\t<div class=\"elementor-column elementor-col-100 elementor-top-column elementor-element elementor-element-08e82bf\" data-id=\"08e82bf\" data-element_type=\"column\">\n\t\t\t<div class=\"elementor-widget-wrap elementor-element-populated\">\n\t\t\t\t\t\t<div class=\"elementor-element elementor-element-427e6f3 elementor-widget elementor-widget-heading\" data-id=\"427e6f3\" data-element_type=\"widget\" data-widget_type=\"heading.default\">\n\t\t\t\t<div class=\"elementor-widget-container\">\n\t\t\t<h1 class=\"elementor-heading-title elementor-size-large\">Oficinas en Hoteles<\/h1>\t\t<\/div>\n\t\t\t\t<\/div>\n\t\t\t\t\t<\/div>\n\t\t<\/div>\n\t\t\t\t\t<\/div>\n\t\t<\/section>\n\t\t\t\t<section class=\"elementor-section elementor-top-section elementor-element elementor-element-d97fc36 elementor-section-boxed elementor-section-height-default elementor-section-height-default\" data-id=\"d97fc36\" data-element_type=\"section\" data-settings=\"{&quot;shape_divider_bottom&quot;:&quot;tilt&quot;}\">\n\t\t\t\t\t<div class=\"elementor-shape elementor-shape-bottom\" data-negative=\"false\">\n\t\t\t<svg xmlns=\"http:\/\/www.w3.org\/2000\/svg\" viewBox=\"0 0 1000 100\" preserveAspectRatio=\"none\">\n\t<path class=\"elementor-shape-fill\" d=\"M0,6V0h1000v100L0,6z\"\/>\n<\/svg>\t\t<\/div>\n\t\t\t\t\t<div class=\"elementor-container elementor-column-gap-default\">\n\t\t\t\t\t<div class=\"elementor-column elementor-col-50 elementor-top-column elementor-element elementor-element-6bb5acd\" data-id=\"6bb5acd\" data-element_type=\"column\">\n\t\t\t<div class=\"elementor-widget-wrap elementor-element-populated\">\n\t\t\t\t\t\t<div class=\"elementor-element elementor-element-cc4c45e elementor-invisible elementor-widget elementor-widget-text-editor\" data-id=\"cc4c45e\" data-element_type=\"widget\" data-settings=\"{&quot;_animation&quot;:&quot;bounceIn&quot;}\" data-widget_type=\"text-editor.default\">\n\t\t\t\t<div class=\"elementor-widget-container\">\n\t\t\t\t\t\t\t<h2><strong>Blau Punta Reina<\/strong><\/h2><p>Pla\u00e7a de s&#8217;Algar<\/p><p>Cala Anguila-Cala Mendia, 07680<\/p><p>Horario:<\/p><p>Lunes a Domingo: 09:00 a 20:00<\/p>\t\t\t\t\t\t<\/div>\n\t\t\t\t<\/div>\n\t\t\t\t\t<\/div>\n\t\t<\/div>\n\t\t\t\t<div class=\"elementor-column elementor-col-50 elementor-top-column elementor-element elementor-element-0639316\" data-id=\"0639316\" data-element_type=\"column\">\n\t\t\t<div class=\"elementor-widget-wrap elementor-element-populated\">\n\t\t\t\t\t\t<div class=\"elementor-element elementor-element-4d4e7cd elementor-invisible elementor-widget elementor-widget-google_maps\" data-id=\"4d4e7cd\" data-element_type=\"widget\" data-settings=\"{&quot;_animation&quot;:&quot;slideInUp&quot;}\" data-widget_type=\"google_maps.default\">\n\t\t\t\t<div class=\"elementor-widget-container\">\n\t\t\t\t\t<div class=\"elementor-custom-embed\">\n\t\t\t<iframe loading=\"lazy\"\n\t\t\t\t\tsrc=\"https:\/\/maps.google.com\/maps?q=blau%20punta%20reina&#038;t=m&#038;z=16&#038;output=embed&#038;iwloc=near\"\n\t\t\t\t\ttitle=\"blau punta reina\"\n\t\t\t\t\taria-label=\"blau punta reina\"\n\t\t\t><\/iframe>\n\t\t<\/div>\n\t\t\t\t<\/div>\n\t\t\t\t<\/div>\n\t\t\t\t\t<\/div>\n\t\t<\/div>\n\t\t\t\t\t<\/div>\n\t\t<\/section>\n\t\t\t\t<section class=\"elementor-section elementor-top-section elementor-element elementor-element-5136974 elementor-section-boxed elementor-section-height-default elementor-section-height-default\" data-id=\"5136974\" data-element_type=\"section\" data-settings=\"{&quot;shape_divider_top&quot;:&quot;tilt&quot;,&quot;shape_divider_bottom&quot;:&quot;tilt&quot;}\">\n\t\t\t\t\t<div class=\"elementor-shape elementor-shape-top\" data-negative=\"false\">\n\t\t\t<svg xmlns=\"http:\/\/www.w3.org\/2000\/svg\" viewBox=\"0 0 1000 100\" preserveAspectRatio=\"none\">\n\t<path class=\"elementor-shape-fill\" d=\"M0,6V0h1000v100L0,6z\"\/>\n<\/svg>\t\t<\/div>\n\t\t\t\t<div class=\"elementor-shape elementor-shape-bottom\" data-negative=\"false\">\n\t\t\t<svg xmlns=\"http:\/\/www.w3.org\/2000\/svg\" viewBox=\"0 0 1000 100\" preserveAspectRatio=\"none\">\n\t<path class=\"elementor-shape-fill\" d=\"M0,6V0h1000v100L0,6z\"\/>\n<\/svg>\t\t<\/div>\n\t\t\t\t\t<div class=\"elementor-container elementor-column-gap-default\">\n\t\t\t\t\t<div class=\"elementor-column elementor-col-50 elementor-top-column elementor-element elementor-element-9a1d656\" data-id=\"9a1d656\" data-element_type=\"column\">\n\t\t\t<div class=\"elementor-widget-wrap elementor-element-populated\">\n\t\t\t\t\t\t<div class=\"elementor-element elementor-element-36720fc elementor-invisible elementor-widget elementor-widget-text-editor\" data-id=\"36720fc\" data-element_type=\"widget\" data-settings=\"{&quot;_animation&quot;:&quot;bounceIn&quot;}\" data-widget_type=\"text-editor.default\">\n\t\t\t\t<div class=\"elementor-widget-container\">\n\t\t\t\t\t\t\t<h2><strong>Blau Colonia Sant Jordi<\/strong><\/h2><p>Cam\u00ed de Sa S\u00edquia, 3<\/p><p>Colonia Sant Jordi, 07638<\/p><p>Horario:<\/p><p>Lunes a Domingo: 09:00 a 20:00<\/p>\t\t\t\t\t\t<\/div>\n\t\t\t\t<\/div>\n\t\t\t\t\t<\/div>\n\t\t<\/div>\n\t\t\t\t<div class=\"elementor-column elementor-col-50 elementor-top-column elementor-element elementor-element-b704cef\" data-id=\"b704cef\" data-element_type=\"column\">\n\t\t\t<div class=\"elementor-widget-wrap elementor-element-populated\">\n\t\t\t\t\t\t<div class=\"elementor-element elementor-element-6316909 elementor-invisible elementor-widget elementor-widget-google_maps\" data-id=\"6316909\" data-element_type=\"widget\" data-settings=\"{&quot;_animation&quot;:&quot;slideInUp&quot;}\" data-widget_type=\"google_maps.default\">\n\t\t\t\t<div class=\"elementor-widget-container\">\n\t\t\t\t\t<div class=\"elementor-custom-embed\">\n\t\t\t<iframe loading=\"lazy\"\n\t\t\t\t\tsrc=\"https:\/\/maps.google.com\/maps?q=Cam%C3%AD%20de%20Sa%20S%C3%ADquia%203%2C%203%2C%2007638%20Col%C3%B2nia%20de%20Sant%20Jordi%2C%20Illes%20Balears&#038;t=m&#038;z=16&#038;output=embed&#038;iwloc=near\"\n\t\t\t\t\ttitle=\"Cam\u00ed de Sa S\u00edquia 3, 3, 07638 Col\u00f2nia de Sant Jordi, Illes Balears\"\n\t\t\t\t\taria-label=\"Cam\u00ed de Sa S\u00edquia 3, 3, 07638 Col\u00f2nia de Sant Jordi, Illes Balears\"\n\t\t\t><\/iframe>\n\t\t<\/div>\n\t\t\t\t<\/div>\n\t\t\t\t<\/div>\n\t\t\t\t\t<\/div>\n\t\t<\/div>\n\t\t\t\t\t<\/div>\n\t\t<\/section>\n\t\t\t\t<\/div>\n\t\t","protected":false},"excerpt":{"rendered":"<p class=\"excerpt\">Nuestras Oficinas Oficina de Palma C\/ Manuel Aza\u00f1a, 40 Palma, 07006 Horario: Lunes a Viernes: 08:00 a 20:00 S\u00e1bado: 10:00 a 13:00 Oficina de Manacor Via Palma, 21 Manacor, 07500 Horario: Lunes a Viernes: 08:00 a 20:00 S\u00e1bado: 10:00 a 13:00 Oficinas en Hoteles Blau Punta Reina Pla\u00e7a de s&#8217;Algar Cala Anguila-Cala Mendia, 07680 Horario: [&hellip;]<\/p>\n","protected":false},"author":2,"featured_media":0,"parent":0,"menu_order":0,"comment_status":"closed","ping_status":"closed","template":"template-blank.php","meta":{"footnotes":""},"class_list":["post-156","page","type-page","status-publish","hentry"],"yoast_head":"<!-- This site is optimized with the Yoast SEO plugin v23.1 - https:\/\/yoast.com\/wordpress\/plugins\/seo\/ -->\n<title>Oficinas - Balear Rent a Car<\/title>\n<meta name=\"description\" content=\"Contamos con varias oficinas, en diversos puntos de Mallorca e Ibiza. Incluidos oficinas dentro de la cadena de Blau hotels.\" \/>\n<meta name=\"robots\" content=\"index, follow, max-snippet:-1, max-image-preview:large, max-video-preview:-1\" \/>\n<link rel=\"canonical\" href=\"https:\/\/balearrentacar.com\/index.php\/oficinas\/\" \/>\n<meta property=\"og:locale\" content=\"es_ES\" \/>\n<meta property=\"og:type\" content=\"article\" \/>\n<meta property=\"og:title\" content=\"Oficinas - Balear Rent a Car\" \/>\n<meta property=\"og:description\" content=\"Contamos con varias oficinas, en diversos puntos de Mallorca e Ibiza. Incluidos oficinas dentro de la cadena de Blau hotels.\" \/>\n<meta property=\"og:url\" content=\"https:\/\/balearrentacar.com\/index.php\/oficinas\/\" \/>\n<meta property=\"og:site_name\" content=\"Balear Rent a Car\" \/>\n<meta property=\"article:modified_time\" content=\"2023-02-02T16:00:26+00:00\" \/>\n<meta property=\"og:image\" content=\"https:\/\/balearrentacar.com\/wp-content\/uploads\/2023\/01\/nuevo-logo-rent-a-car.png\" \/>\n\t<meta property=\"og:image:width\" content=\"774\" \/>\n\t<meta property=\"og:image:height\" content=\"649\" \/>\n\t<meta property=\"og:image:type\" content=\"image\/png\" \/>\n<meta name=\"twitter:card\" content=\"summary_large_image\" \/>\n<meta name=\"twitter:label1\" content=\"Tiempo de lectura\" \/>\n\t<meta name=\"twitter:data1\" content=\"1 minuto\" \/>\n<script type=\"application\/ld+json\" class=\"yoast-schema-graph\">{\"@context\":\"https:\/\/schema.org\",\"@graph\":[{\"@type\":\"WebPage\",\"@id\":\"https:\/\/balearrentacar.com\/index.php\/oficinas\/\",\"url\":\"https:\/\/balearrentacar.com\/index.php\/oficinas\/\",\"name\":\"Oficinas - Balear Rent a Car\",\"isPartOf\":{\"@id\":\"https:\/\/balearrentacar.com\/#website\"},\"datePublished\":\"2021-07-08T09:48:06+00:00\",\"dateModified\":\"2023-02-02T16:00:26+00:00\",\"description\":\"Contamos con varias oficinas, en diversos puntos de Mallorca e Ibiza. Incluidos oficinas dentro de la cadena de Blau hotels.\",\"breadcrumb\":{\"@id\":\"https:\/\/balearrentacar.com\/index.php\/oficinas\/#breadcrumb\"},\"inLanguage\":\"es\",\"potentialAction\":[{\"@type\":\"ReadAction\",\"target\":[\"https:\/\/balearrentacar.com\/index.php\/oficinas\/\"]}]},{\"@type\":\"BreadcrumbList\",\"@id\":\"https:\/\/balearrentacar.com\/index.php\/oficinas\/#breadcrumb\",\"itemListElement\":[{\"@type\":\"ListItem\",\"position\":1,\"name\":\"Portada\",\"item\":\"https:\/\/balearrentacar.com\/\"},{\"@type\":\"ListItem\",\"position\":2,\"name\":\"Oficinas\"}]},{\"@type\":\"WebSite\",\"@id\":\"https:\/\/balearrentacar.com\/#website\",\"url\":\"https:\/\/balearrentacar.com\/\",\"name\":\"Balear Rent a Car\",\"description\":\"Rent a Car en Mallorca e Ibiza\",\"publisher\":{\"@id\":\"https:\/\/balearrentacar.com\/#organization\"},\"potentialAction\":[{\"@type\":\"SearchAction\",\"target\":{\"@type\":\"EntryPoint\",\"urlTemplate\":\"https:\/\/balearrentacar.com\/?s={search_term_string}\"},\"query-input\":\"required name=search_term_string\"}],\"inLanguage\":\"es\"},{\"@type\":\"Organization\",\"@id\":\"https:\/\/balearrentacar.com\/#organization\",\"name\":\"Balear Rentacar\",\"url\":\"https:\/\/balearrentacar.com\/\",\"logo\":{\"@type\":\"ImageObject\",\"inLanguage\":\"es\",\"@id\":\"https:\/\/balearrentacar.com\/#\/schema\/logo\/image\/\",\"url\":\"https:\/\/balearrentacar.com\/wp-content\/uploads\/2023\/01\/logo-contratos-carplus.png\",\"contentUrl\":\"https:\/\/balearrentacar.com\/wp-content\/uploads\/2023\/01\/logo-contratos-carplus.png\",\"width\":5441,\"height\":617,\"caption\":\"Balear Rentacar\"},\"image\":{\"@id\":\"https:\/\/balearrentacar.com\/#\/schema\/logo\/image\/\"}}]}<\/script>\n<!-- \/ Yoast SEO plugin. -->","yoast_head_json":{"title":"Oficinas - Balear Rent a Car","description":"Contamos con varias oficinas, en diversos puntos de Mallorca e Ibiza. Incluidos oficinas dentro de la cadena de Blau hotels.","robots":{"index":"index","follow":"follow","max-snippet":"max-snippet:-1","max-image-preview":"max-image-preview:large","max-video-preview":"max-video-preview:-1"},"canonical":"https:\/\/balearrentacar.com\/index.php\/oficinas\/","og_locale":"es_ES","og_type":"article","og_title":"Oficinas - Balear Rent a Car","og_description":"Contamos con varias oficinas, en diversos puntos de Mallorca e Ibiza. Incluidos oficinas dentro de la cadena de Blau hotels.","og_url":"https:\/\/balearrentacar.com\/index.php\/oficinas\/","og_site_name":"Balear Rent a Car","article_modified_time":"2023-02-02T16:00:26+00:00","og_image":[{"width":774,"height":649,"url":"https:\/\/balearrentacar.com\/wp-content\/uploads\/2023\/01\/nuevo-logo-rent-a-car.png","type":"image\/png"}],"twitter_card":"summary_large_image","twitter_misc":{"Tiempo de lectura":"1 minuto"},"schema":{"@context":"https:\/\/schema.org","@graph":[{"@type":"WebPage","@id":"https:\/\/balearrentacar.com\/index.php\/oficinas\/","url":"https:\/\/balearrentacar.com\/index.php\/oficinas\/","name":"Oficinas - Balear Rent a Car","isPartOf":{"@id":"https:\/\/balearrentacar.com\/#website"},"datePublished":"2021-07-08T09:48:06+00:00","dateModified":"2023-02-02T16:00:26+00:00","description":"Contamos con varias oficinas, en diversos puntos de Mallorca e Ibiza. Incluidos oficinas dentro de la cadena de Blau hotels.","breadcrumb":{"@id":"https:\/\/balearrentacar.com\/index.php\/oficinas\/#breadcrumb"},"inLanguage":"es","potentialAction":[{"@type":"ReadAction","target":["https:\/\/balearrentacar.com\/index.php\/oficinas\/"]}]},{"@type":"BreadcrumbList","@id":"https:\/\/balearrentacar.com\/index.php\/oficinas\/#breadcrumb","itemListElement":[{"@type":"ListItem","position":1,"name":"Portada","item":"https:\/\/balearrentacar.com\/"},{"@type":"ListItem","position":2,"name":"Oficinas"}]},{"@type":"WebSite","@id":"https:\/\/balearrentacar.com\/#website","url":"https:\/\/balearrentacar.com\/","name":"Balear Rent a Car","description":"Rent a Car en Mallorca e Ibiza","publisher":{"@id":"https:\/\/balearrentacar.com\/#organization"},"potentialAction":[{"@type":"SearchAction","target":{"@type":"EntryPoint","urlTemplate":"https:\/\/balearrentacar.com\/?s={search_term_string}"},"query-input":"required name=search_term_string"}],"inLanguage":"es"},{"@type":"Organization","@id":"https:\/\/balearrentacar.com\/#organization","name":"Balear Rentacar","url":"https:\/\/balearrentacar.com\/","logo":{"@type":"ImageObject","inLanguage":"es","@id":"https:\/\/balearrentacar.com\/#\/schema\/logo\/image\/","url":"https:\/\/balearrentacar.com\/wp-content\/uploads\/2023\/01\/logo-contratos-carplus.png","contentUrl":"https:\/\/balearrentacar.com\/wp-content\/uploads\/2023\/01\/logo-contratos-carplus.png","width":5441,"height":617,"caption":"Balear Rentacar"},"image":{"@id":"https:\/\/balearrentacar.com\/#\/schema\/logo\/image\/"}}]}},"_links":{"self":[{"href":"https:\/\/balearrentacar.com\/index.php\/wp-json\/wp\/v2\/pages\/156","targetHints":{"allow":["GET"]}}],"collection":[{"href":"https:\/\/balearrentacar.com\/index.php\/wp-json\/wp\/v2\/pages"}],"about":[{"href":"https:\/\/balearrentacar.com\/index.php\/wp-json\/wp\/v2\/types\/page"}],"author":[{"embeddable":true,"href":"https:\/\/balearrentacar.com\/index.php\/wp-json\/wp\/v2\/users\/2"}],"replies":[{"embeddable":true,"href":"https:\/\/balearrentacar.com\/index.php\/wp-json\/wp\/v2\/comments?post=156"}],"version-history":[{"count":4,"href":"https:\/\/balearrentacar.com\/index.php\/wp-json\/wp\/v2\/pages\/156\/revisions"}],"predecessor-version":[{"id":562,"href":"https:\/\/balearrentacar.com\/index.php\/wp-json\/wp\/v2\/pages\/156\/revisions\/562"}],"wp:attachment":[{"href":"https:\/\/balearrentacar.com\/index.php\/wp-json\/wp\/v2\/media?parent=156"}],"curies":[{"name":"wp","href":"https:\/\/api.w.org\/{rel}","templated":true}]}}